{"id":26,"date":"2019-02-08T14:48:05","date_gmt":"2019-02-08T14:48:05","guid":{"rendered":"http:\/\/fancyfreelancer.oxy.host\/?page_id=11"},"modified":"2025-09-13T12:00:05","modified_gmt":"2025-09-13T12:00:05","slug":"home","status":"publish","type":"page","link":"https:\/\/devellabell.ad\/es\/","title":{"rendered":"Inicio"},"content":{"rendered":"<section id=\"section-2-11\" class=\" ct-section ct-section-with-shape-divider\" style=\"background-image:linear-gradient(rgba(33,33,33,0.75), rgba(33,33,33,0.75)), url(https:\/\/devellabell.ad\/wp-content\/uploads\/2021\/05\/pexels-clem-onojeghuo-175709.jpg);background-size:auto,  cover;\" ><div class=\"ct-section-inner-wrap\"><h1 id=\"headline-3-11\" class=\"ct-headline fancy-heading-one\">Taller de restauraci\u00f3<\/h1><div id=\"text_block-5-11\" class=\"ct-text-block\" >Mobles, objectes i artesania.<\/div><div id=\"div_block-14-11\" class=\"ct-div-block\" ><div id=\"div_block-18-11\" class=\"ct-div-block fancy-main-button-light-wrapper\" ><a id=\"link_button-1024-26\" class=\"ct-link-button fancy-main-button-light\" href=\"https:\/\/devellabell.ad\/contacte\"   >Contactar<\/a><\/div><a id=\"link_button-12-11\" class=\"ct-link-button fancy-secondary-button-light\" href=\"https:\/\/devellabell.ad\/serveis\"   >veure els serveis<\/a><\/div>\n\t\t<div id=\"-shape-divider-703-26\" class=\"oxy-shape-divider \" >        \n        <div class=\"oxy_shape_divider\" >\n            <svg xmlns=\"http:\/\/www.w3.org\/2000\/svg\" viewBox=\"0 0 1440 320\" preserveAspectRatio=\"none\"><path fill=\"currentColor\" fill-opacity=\"1\" d=\"M0,224L48,240C96,256,192,288,288,256C384,224,480,128,576,80C672,32,768,32,864,69.3C960,107,1056,181,1152,176C1248,171,1344,85,1392,42.7L1440,0L1440,320L1392,320C1344,320,1248,320,1152,320C1056,320,960,320,864,320C768,320,672,320,576,320C480,320,384,320,288,320C192,320,96,320,48,320L0,320Z\"><\/path><\/svg>        <\/div>\n\n        <\/div>\n\n\t\t<\/div><\/section><section id=\"features\" class=\" ct-section\" ><div class=\"ct-section-inner-wrap\"><div id=\"new_columns-19-11\" class=\"ct-new-columns\" ><div id=\"div_block-20-11\" class=\"ct-div-block\" ><div id=\"fancy_icon-334-26\" class=\"ct-fancy-icon\" ><svg id=\"svg-fancy_icon-334-26\"><use xlink:href=\"#Lineariconsicon-home\"><\/use><\/svg><\/div><h3 id=\"headline-38-11\" class=\"ct-headline fancy-iconblock-1-title\">Restauraci\u00f3 de Mobles<\/h3><div id=\"text_block-24-11\" class=\"ct-text-block fancy-iconblock-1-text\" >Recupera aquella pe\u00e7a que tant bons records t\u2019aporta, conserva-la per seguir-la gaudint.<\/div><a id=\"link_button-1060-26\" class=\"ct-link-button\" href=\"https:\/\/devellabell.ad\/serveis#restauracio\"   >veure m\u00e9s<\/a><\/div><div id=\"div_block-21-11\" class=\"ct-div-block\" ><div id=\"fancy_icon-335-26\" class=\"ct-fancy-icon\" ><svg id=\"svg-fancy_icon-335-26\"><use xlink:href=\"#Lineariconsicon-leaf\"><\/use><\/svg><\/div><h3 id=\"headline-41-11\" class=\"ct-headline fancy-iconblock-1-title\">Reutilitzaci\u00f3 i transformaci\u00f3<\/h3><div id=\"text_block-26-11\" class=\"ct-text-block fancy-iconblock-1-text\" >Canvia l\u2019aspecte de teu moble i dona-li una segona oportunitat. Recicla, repara, reutilitza.<\/div><a id=\"link_button-1067-26\" class=\"ct-link-button\" href=\"https:\/\/devellabell.ad\/serveis\/transformacio-i-decoracio\"   >veure m\u00e9s<\/a><\/div><div id=\"div_block-22-11\" class=\"ct-div-block\" ><div id=\"fancy_icon-337-26\" class=\"ct-fancy-icon\" ><svg id=\"svg-fancy_icon-337-26\"><use xlink:href=\"#Lineariconsicon-graduation-hat\"><\/use><\/svg><\/div><h3 id=\"headline-43-11\" class=\"ct-headline fancy-iconblock-1-title\">Cursos i Tallers<\/h3><div id=\"text_block-28-11\" class=\"ct-text-block fancy-iconblock-1-text\" >Apr\u00e8n a restaurar el teu moble combinant t\u00e8cniques tradicionals i modernes.<\/div><a id=\"link_button-1062-26\" class=\"ct-link-button\" href=\"https:\/\/devellabell.ad\/tallers-i-cursos\"   >veure m\u00e9s<\/a><\/div><div id=\"div_block-23-11\" class=\"ct-div-block\" ><div id=\"fancy_icon-339-26\" class=\"ct-fancy-icon\" ><svg id=\"svg-fancy_icon-339-26\"><use xlink:href=\"#Lineariconsicon-cart\"><\/use><\/svg><\/div><h3 id=\"headline-45-11\" class=\"ct-headline fancy-iconblock-1-title\">Botiga d'artesania<\/h3><div id=\"text_block-30-11\" class=\"ct-text-block fancy-iconblock-1-text\" >Venda de productes fets a m\u00e0 amb dissenys originals i creatius elaborats artesanalment.<\/div><a id=\"link_button-1069-26\" class=\"ct-link-button\" href=\"https:\/\/devellabell.ad\/botiga\"   >veure m\u00e9s<\/a><\/div><\/div><\/div><\/section><section id=\"section-672-26\" class=\" ct-section\" ><div class=\"ct-section-inner-wrap\"><div id=\"new_columns-673-26\" class=\"ct-new-columns\" ><div id=\"div_block-674-26\" class=\"ct-div-block\" ><div id=\"div_block-1872-26\" class=\"ct-div-block oxel_image_comparison\" ><div id=\"code_block-1873-26\" class=\"ct-code-block\" ><!-- --><\/div><div id=\"div_block-1874-26\" class=\"ct-div-block oxel_image_comparison__before\" ><\/div><div id=\"div_block-1875-26\" class=\"ct-div-block oxel_image_comparison__after\" ><\/div><div id=\"div_block-1876-26\" class=\"ct-div-block oxel_image_comparison__icon\" ><div id=\"fancy_icon-1877-26\" class=\"ct-fancy-icon \" ><svg id=\"svg-fancy_icon-1877-26\"><use xlink:href=\"#FontAwesomeicon-arrows-h\"><\/use><\/svg><\/div><\/div><div id=\"div_block-1878-26\" class=\"ct-div-block oxel_image_comparison__label_before\" ><div id=\"text_block-1879-26\" class=\"ct-text-block \" >abans<\/div><\/div><div id=\"div_block-1880-26\" class=\"ct-div-block oxel_image_comparison__label_after\" ><div id=\"text_block-1881-26\" class=\"ct-text-block \" >deSpr\u00c9s<br><\/div><\/div><\/div><\/div><div id=\"div_block-676-26\" class=\"ct-div-block \" ><h2 id=\"headline-677-26\" class=\"ct-headline freelance-heading-two\">VOLS ARREGLAR UN SEIENT de reixa?<\/h2><div id=\"div_block-678-26\" class=\"ct-div-block\" ><\/div><div id=\"text_block-679-26\" class=\"ct-text-block freelance-body-text\" >S\u00f3c especialista en reparar seients de reixeta i fibres vegetals.<\/div><a id=\"link_text-682-26\" class=\"ct-link-text freelance-primary-button\" href=\"https:\/\/devellabell.ad\/serveis#encordat\"   >LLEGIR M\u00c9S<\/a><\/div><\/div><\/div><\/section><section id=\"section-1138-26\" class=\" ct-section\" ><div class=\"ct-section-inner-wrap\"><div id=\"div_block-2369-26\" class=\"ct-div-block\"  data-aos=\"fade-up\"><div id=\"fancy_icon-1139-26\" class=\"ct-fancy-icon fancy-iconblock-3-icon\" ><svg id=\"svg-fancy_icon-1139-26\"><use xlink:href=\"#Lineariconsicon-highlight\"><\/use><\/svg><\/div><div id=\"text_block-1140-26\" class=\"ct-text-block\" >Vols veure'n alguns exemples?<\/div><div id=\"div_block-1141-26\" class=\"ct-div-block\" ><h2 id=\"headline-1142-26\" class=\"ct-headline fancy-heading-three\">Treballs recents<\/h2><\/div><\/div><div id=\"_tabs-1143-26\" class=\"oxy-tabs-wrapper oxy-tabs\" data-oxy-tabs-active-tab-class='tabs-3240-tab-active' data-oxy-tabs-contents-wrapper='_tabs_contents-1154-26'  data-aos=\"fade\" data-aos-duration=\"500\" data-aos-once=\"true\"><div id=\"_tab-1144-26\" class=\"oxy-tab tabs-3240-tab tabs-3240-tab-active\" ><div id=\"text_block-1145-26\" class=\"ct-text-block\" >Transformaci\u00f3<\/div><\/div><div id=\"_tab-1146-26\" class=\"oxy-tab tabs-3240-tab tabs-3240-tab-active\" ><div id=\"text_block-1147-26\" class=\"ct-text-block\" >Restauraci\u00f3 de mobles<\/div><\/div><div id=\"_tab-1148-26\" class=\"oxy-tab tabs-3240-tab tabs-3240-tab-active\" ><div id=\"text_block-1149-26\" class=\"ct-text-block\" >Restauraci\u00f3 d'objectes<\/div><\/div><div id=\"_tab-1150-26\" class=\"oxy-tab tabs-3240-tab tabs-3240-tab-active\" ><div id=\"text_block-1151-26\" class=\"ct-text-block\" >Reparaci\u00f3 de seients de reixeta<\/div><\/div><div id=\"_tab-1152-26\" class=\"oxy-tab tabs-3240-tab tabs-3240-tab-active\" ><div id=\"text_block-1153-26\" class=\"ct-text-block\" >Reproduccions<\/div><\/div><\/div><div id=\"_tabs_contents-1154-26\" class=\"oxy-tabs-contents-wrapper oxy-tabs-contents\"  data-aos=\"fade-up\" data-aos-duration=\"500\" data-aos-once=\"true\"><div id=\"_tab_content-1155-26\" class=\"oxy-tab-content tabs-contents-3240-tab  oxy-tabs-contents-content-hidden\" ><div id=\"_dynamic_list-1156-26\" class=\"oxy-dynamic-list\"><div id=\"div_block-1157-26-1\" class=\"ct-div-block\" data-id=\"div_block-1157-26\"><div id=\"div_block-1158-26-1\" class=\"ct-div-block\" data-id=\"div_block-1158-26\">\n        <div id=\"_superbox-1159-26-1\" class=\"oxy-superbox fancy-artwork-1-superbox\" data-id=\"_superbox-1159-26\">\n          <div class=\"oxy-superbox-wrap\">\n            <div id=\"div_block-1160-26-1\" class=\"ct-div-block oxy-superbox-primary\" data-id=\"div_block-1160-26\"><img decoding=\"async\" id=\"image-1161-26-1\" alt=\"\" src=\"https:\/\/devellabell.ad\/wp-content\/uploads\/2023\/03\/calaixera1-300x300.jpg\" class=\"ct-image fancy-artworks-1-image\" data-id=\"image-1161-26\"><\/div><div id=\"div_block-1162-26-1\" class=\"ct-div-block oxy-superbox-secondary\" data-id=\"div_block-1162-26\"><a id=\"link-1163-26-1\" class=\"ct-link fancy-artworks-1-back\" href=\"https:\/\/devellabell.ad\/es\/treballs\/restauracio\/transformacio-duna-calaixera\" target=\"_blank\" data-id=\"link-1163-26\"><h3 id=\"headline-1164-26-1\" class=\"ct-headline fancy-artworks-1-title\" data-id=\"headline-1164-26\"><span id=\"span-1165-26\" class=\"ct-span\" >Transformaci\u00f3 d'una calaixera<\/span><\/h3><img decoding=\"async\" id=\"image-1166-26-1\" alt=\"\" src=\"https:\/\/fancyfreelancer.oxy.host\/wp-content\/uploads\/sites\/58\/2019\/02\/\u00d7@2x.png\" class=\"ct-image fancy-artwork-1-superbox-x\" data-id=\"image-1166-26\"><div id=\"text_block-1167-26-1\" class=\"ct-text-block fancy-artworks-1-text\" data-id=\"text_block-1167-26\"><span id=\"span-1168-26\" class=\"ct-span\" >Calaixera pintada de blanc trencat amb efecte envellit<\/span><\/div><\/a><\/div>          <\/div>\n        <\/div>\n\n        <\/div><\/div><div id=\"div_block-1157-26-2\" class=\"ct-div-block\" data-id=\"div_block-1157-26\"><div id=\"div_block-1158-26-2\" class=\"ct-div-block\" data-id=\"div_block-1158-26\">\n        <div id=\"_superbox-1159-26-2\" class=\"oxy-superbox fancy-artwork-1-superbox\" data-id=\"_superbox-1159-26\">\n          <div class=\"oxy-superbox-wrap\">\n            <div id=\"div_block-1160-26-2\" class=\"ct-div-block oxy-superbox-primary\" data-id=\"div_block-1160-26\"><img decoding=\"async\" id=\"image-1161-26-2\" alt=\"\" src=\"https:\/\/devellabell.ad\/wp-content\/uploads\/2021\/08\/sabater1-300x300.jpg\" class=\"ct-image fancy-artworks-1-image\" data-id=\"image-1161-26\"><\/div><div id=\"div_block-1162-26-2\" class=\"ct-div-block oxy-superbox-secondary\" data-id=\"div_block-1162-26\"><a id=\"link-1163-26-2\" class=\"ct-link fancy-artworks-1-back\" href=\"https:\/\/devellabell.ad\/es\/general\/sabater-de-fusta\" target=\"_blank\" data-id=\"link-1163-26\"><h3 id=\"headline-1164-26-2\" class=\"ct-headline fancy-artworks-1-title\" data-id=\"headline-1164-26\"><span id=\"span-1165-26\" class=\"ct-span\" >Sabater de fusta<\/span><\/h3><img decoding=\"async\" id=\"image-1166-26-2\" alt=\"\" src=\"https:\/\/fancyfreelancer.oxy.host\/wp-content\/uploads\/sites\/58\/2019\/02\/\u00d7@2x.png\" class=\"ct-image fancy-artwork-1-superbox-x\" data-id=\"image-1166-26\"><div id=\"text_block-1167-26-2\" class=\"ct-text-block fancy-artworks-1-text\" data-id=\"text_block-1167-26\"><span id=\"span-1168-26\" class=\"ct-span\" >Transformaci\u00f3 d'un sabater de fusta, s'ha pintat de blanc donant un efecte gastat.<\/span><\/div><\/a><\/div>          <\/div>\n        <\/div>\n\n        <\/div><\/div><div id=\"div_block-1157-26-3\" class=\"ct-div-block\" data-id=\"div_block-1157-26\"><div id=\"div_block-1158-26-3\" class=\"ct-div-block\" data-id=\"div_block-1158-26\">\n        <div id=\"_superbox-1159-26-3\" class=\"oxy-superbox fancy-artwork-1-superbox\" data-id=\"_superbox-1159-26\">\n          <div class=\"oxy-superbox-wrap\">\n            <div id=\"div_block-1160-26-3\" class=\"ct-div-block oxy-superbox-primary\" data-id=\"div_block-1160-26\"><img decoding=\"async\" id=\"image-1161-26-3\" alt=\"\" src=\"https:\/\/devellabell.ad\/wp-content\/uploads\/2021\/06\/Armariet-FR-3-225x300.jpg\" class=\"ct-image fancy-artworks-1-image\" data-id=\"image-1161-26\"><\/div><div id=\"div_block-1162-26-3\" class=\"ct-div-block oxy-superbox-secondary\" data-id=\"div_block-1162-26\"><a id=\"link-1163-26-3\" class=\"ct-link fancy-artworks-1-back\" href=\"https:\/\/devellabell.ad\/es\/treballs\/restauracio\/pintura-de-lesglesia\" target=\"_blank\" data-id=\"link-1163-26\"><h3 id=\"headline-1164-26-3\" class=\"ct-headline fancy-artworks-1-title\" data-id=\"headline-1164-26\"><span id=\"span-1165-26\" class=\"ct-span\" >Armari auxiliar<\/span><\/h3><img decoding=\"async\" id=\"image-1166-26-3\" alt=\"\" src=\"https:\/\/fancyfreelancer.oxy.host\/wp-content\/uploads\/sites\/58\/2019\/02\/\u00d7@2x.png\" class=\"ct-image fancy-artwork-1-superbox-x\" data-id=\"image-1166-26\"><div id=\"text_block-1167-26-3\" class=\"ct-text-block fancy-artworks-1-text\" data-id=\"text_block-1167-26\"><span id=\"span-1168-26\" class=\"ct-span\" >Transformaci\u00f3 d'un armari auxiliar. S'ha decapat en la seva totalitat i s'ha compaginat el color natural de la fusta amb el perfil de color blanc. L'interior s'ha entelat amb polipell de color blau. Per donar un toc elegant s'han canviat els poms per uns amb lib\u00e8l\u00b7lules dibuixades tamb\u00e9 de cons blaus.<\/span><\/div><\/a><\/div>          <\/div>\n        <\/div>\n\n        <\/div><\/div><div id=\"div_block-1157-26-4\" class=\"ct-div-block\" data-id=\"div_block-1157-26\"><div id=\"div_block-1158-26-4\" class=\"ct-div-block\" data-id=\"div_block-1158-26\">\n        <div id=\"_superbox-1159-26-4\" class=\"oxy-superbox fancy-artwork-1-superbox\" data-id=\"_superbox-1159-26\">\n          <div class=\"oxy-superbox-wrap\">\n            <div id=\"div_block-1160-26-4\" class=\"ct-div-block oxy-superbox-primary\" data-id=\"div_block-1160-26\"><img decoding=\"async\" id=\"image-1161-26-4\" alt=\"\" src=\"https:\/\/devellabell.ad\/wp-content\/uploads\/2021\/06\/bagul7-300x300.jpg\" class=\"ct-image fancy-artworks-1-image\" data-id=\"image-1161-26\"><\/div><div id=\"div_block-1162-26-4\" class=\"ct-div-block oxy-superbox-secondary\" data-id=\"div_block-1162-26\"><a id=\"link-1163-26-4\" class=\"ct-link fancy-artworks-1-back\" href=\"https:\/\/devellabell.ad\/es\/general\/treball-pintura\" target=\"_blank\" data-id=\"link-1163-26\"><h3 id=\"headline-1164-26-4\" class=\"ct-headline fancy-artworks-1-title\" data-id=\"headline-1164-26\"><span id=\"span-1165-26\" class=\"ct-span\" >Caixa de n\u00favia<\/span><\/h3><img decoding=\"async\" id=\"image-1166-26-4\" alt=\"\" src=\"https:\/\/fancyfreelancer.oxy.host\/wp-content\/uploads\/sites\/58\/2019\/02\/\u00d7@2x.png\" class=\"ct-image fancy-artwork-1-superbox-x\" data-id=\"image-1166-26\"><div id=\"text_block-1167-26-4\" class=\"ct-text-block fancy-artworks-1-text\" data-id=\"text_block-1167-26\"><span id=\"span-1168-26\" class=\"ct-span\" >Transformaci\u00f3 d'una caixa de n\u00favia.<\/span><\/div><\/a><\/div>          <\/div>\n        <\/div>\n\n        <\/div><\/div><div id=\"div_block-1157-26-5\" class=\"ct-div-block\" data-id=\"div_block-1157-26\"><div id=\"div_block-1158-26-5\" class=\"ct-div-block\" data-id=\"div_block-1158-26\">\n        <div id=\"_superbox-1159-26-5\" class=\"oxy-superbox fancy-artwork-1-superbox\" data-id=\"_superbox-1159-26\">\n          <div class=\"oxy-superbox-wrap\">\n            <div id=\"div_block-1160-26-5\" class=\"ct-div-block oxy-superbox-primary\" data-id=\"div_block-1160-26\"><img decoding=\"async\" id=\"image-1161-26-5\" alt=\"\" src=\"https:\/\/devellabell.ad\/wp-content\/uploads\/2021\/04\/151026184_1162260377543072_1109995783588295663_n-300x300.jpeg\" class=\"ct-image fancy-artworks-1-image\" data-id=\"image-1161-26\"><\/div><div id=\"div_block-1162-26-5\" class=\"ct-div-block oxy-superbox-secondary\" data-id=\"div_block-1162-26\"><a id=\"link-1163-26-5\" class=\"ct-link fancy-artworks-1-back\" href=\"https:\/\/devellabell.ad\/es\/treballs\/taula-de-menjador\" target=\"_blank\" data-id=\"link-1163-26\"><h3 id=\"headline-1164-26-5\" class=\"ct-headline fancy-artworks-1-title\" data-id=\"headline-1164-26\"><span id=\"span-1165-26\" class=\"ct-span\" >Taula de menjador<\/span><\/h3><img decoding=\"async\" id=\"image-1166-26-5\" alt=\"\" src=\"https:\/\/fancyfreelancer.oxy.host\/wp-content\/uploads\/sites\/58\/2019\/02\/\u00d7@2x.png\" class=\"ct-image fancy-artwork-1-superbox-x\" data-id=\"image-1166-26\"><div id=\"text_block-1167-26-5\" class=\"ct-text-block fancy-artworks-1-text\" data-id=\"text_block-1167-26\"><span id=\"span-1168-26\" class=\"ct-span\" >Transformaci\u00f3 d'una taula auxiliar de menjador.<\/span><\/div><\/a><\/div>          <\/div>\n        <\/div>\n\n        <\/div><\/div>                    \n                                            \n                                        \n                    <\/div>\n<\/div><div id=\"_tab_content-1169-26\" class=\"oxy-tab-content tabs-contents-3240-tab  oxy-tabs-contents-content-hidden\" ><div id=\"_dynamic_list-2212-26\" class=\"oxy-dynamic-list\"><div id=\"div_block-2213-26-1\" class=\"ct-div-block\" data-id=\"div_block-2213-26\"><div id=\"div_block-2214-26-1\" class=\"ct-div-block\" data-id=\"div_block-2214-26\">\n        <div id=\"_superbox-2215-26-1\" class=\"oxy-superbox fancy-artwork-1-superbox\" data-id=\"_superbox-2215-26\">\n          <div class=\"oxy-superbox-wrap\">\n            <div id=\"div_block-2216-26-1\" class=\"ct-div-block oxy-superbox-primary\" data-id=\"div_block-2216-26\"><img decoding=\"async\" id=\"image-2217-26-1\" alt=\"\" src=\"https:\/\/devellabell.ad\/wp-content\/uploads\/2021\/11\/tauleta-5-300x300.jpg\" class=\"ct-image fancy-artworks-1-image\" data-id=\"image-2217-26\"><\/div><div id=\"div_block-2218-26-1\" class=\"ct-div-block oxy-superbox-secondary\" data-id=\"div_block-2218-26\"><a id=\"link-2219-26-1\" class=\"ct-link fancy-artworks-1-back\" href=\"https:\/\/devellabell.ad\/es\/general\/tauleta-de-nit\" target=\"_blank\" data-id=\"link-2219-26\"><h3 id=\"headline-2220-26-1\" class=\"ct-headline fancy-artworks-1-title\" data-id=\"headline-2220-26\"><span id=\"span-2221-26\" class=\"ct-span\" >Tauleta de nit<\/span><\/h3><img decoding=\"async\" id=\"image-2222-26-1\" alt=\"\" src=\"https:\/\/fancyfreelancer.oxy.host\/wp-content\/uploads\/sites\/58\/2019\/02\/\u00d7@2x.png\" class=\"ct-image fancy-artwork-1-superbox-x\" data-id=\"image-2222-26\"><div id=\"text_block-2223-26-1\" class=\"ct-text-block fancy-artworks-1-text\" data-id=\"text_block-2223-26\"><span id=\"span-2224-26\" class=\"ct-span\" >Restauraci\u00f3, neteja i pintat d'una tauleta de nit.<\/span><\/div><\/a><\/div>          <\/div>\n        <\/div>\n\n        <\/div><\/div><div id=\"div_block-2213-26-2\" class=\"ct-div-block\" data-id=\"div_block-2213-26\"><div id=\"div_block-2214-26-2\" class=\"ct-div-block\" data-id=\"div_block-2214-26\">\n        <div id=\"_superbox-2215-26-2\" class=\"oxy-superbox fancy-artwork-1-superbox\" data-id=\"_superbox-2215-26\">\n          <div class=\"oxy-superbox-wrap\">\n            <div id=\"div_block-2216-26-2\" class=\"ct-div-block oxy-superbox-primary\" data-id=\"div_block-2216-26\"><img decoding=\"async\" id=\"image-2217-26-2\" alt=\"\" src=\"https:\/\/devellabell.ad\/wp-content\/uploads\/2021\/06\/escriptori-1-300x300.jpg\" class=\"ct-image fancy-artworks-1-image\" data-id=\"image-2217-26\"><\/div><div id=\"div_block-2218-26-2\" class=\"ct-div-block oxy-superbox-secondary\" data-id=\"div_block-2218-26\"><a id=\"link-2219-26-2\" class=\"ct-link fancy-artworks-1-back\" href=\"https:\/\/devellabell.ad\/es\/general\/restauracio-dun-escriptori-de-persiana\" target=\"_blank\" data-id=\"link-2219-26\"><h3 id=\"headline-2220-26-2\" class=\"ct-headline fancy-artworks-1-title\" data-id=\"headline-2220-26\"><span id=\"span-2221-26\" class=\"ct-span\" >Escriptori de persiana<\/span><\/h3><img decoding=\"async\" id=\"image-2222-26-2\" alt=\"\" src=\"https:\/\/fancyfreelancer.oxy.host\/wp-content\/uploads\/sites\/58\/2019\/02\/\u00d7@2x.png\" class=\"ct-image fancy-artwork-1-superbox-x\" data-id=\"image-2222-26\"><div id=\"text_block-2223-26-2\" class=\"ct-text-block fancy-artworks-1-text\" data-id=\"text_block-2223-26\"><span id=\"span-2224-26\" class=\"ct-span\" >Restauraci\u00f3 d'un escriptori de persiana<\/span><\/div><\/a><\/div>          <\/div>\n        <\/div>\n\n        <\/div><\/div><div id=\"div_block-2213-26-3\" class=\"ct-div-block\" data-id=\"div_block-2213-26\"><div id=\"div_block-2214-26-3\" class=\"ct-div-block\" data-id=\"div_block-2214-26\">\n        <div id=\"_superbox-2215-26-3\" class=\"oxy-superbox fancy-artwork-1-superbox\" data-id=\"_superbox-2215-26\">\n          <div class=\"oxy-superbox-wrap\">\n            <div id=\"div_block-2216-26-3\" class=\"ct-div-block oxy-superbox-primary\" data-id=\"div_block-2216-26\"><img decoding=\"async\" id=\"image-2217-26-3\" alt=\"\" src=\"https:\/\/devellabell.ad\/wp-content\/uploads\/2021\/06\/escudeller5-300x300.jpg\" class=\"ct-image fancy-artworks-1-image\" data-id=\"image-2217-26\"><\/div><div id=\"div_block-2218-26-3\" class=\"ct-div-block oxy-superbox-secondary\" data-id=\"div_block-2218-26\"><a id=\"link-2219-26-3\" class=\"ct-link fancy-artworks-1-back\" href=\"https:\/\/devellabell.ad\/es\/general\/escudeller-de-fusta\" target=\"_blank\" data-id=\"link-2219-26\"><h3 id=\"headline-2220-26-3\" class=\"ct-headline fancy-artworks-1-title\" data-id=\"headline-2220-26\"><span id=\"span-2221-26\" class=\"ct-span\" >Escudeller de fusta<\/span><\/h3><img decoding=\"async\" id=\"image-2222-26-3\" alt=\"\" src=\"https:\/\/fancyfreelancer.oxy.host\/wp-content\/uploads\/sites\/58\/2019\/02\/\u00d7@2x.png\" class=\"ct-image fancy-artwork-1-superbox-x\" data-id=\"image-2222-26\"><div id=\"text_block-2223-26-3\" class=\"ct-text-block fancy-artworks-1-text\" data-id=\"text_block-2223-26\"><span id=\"span-2224-26\" class=\"ct-span\" >Restauraci\u00f3 d'un escudeller de fusta.<\/span><\/div><\/a><\/div>          <\/div>\n        <\/div>\n\n        <\/div><\/div><div id=\"div_block-2213-26-4\" class=\"ct-div-block\" data-id=\"div_block-2213-26\"><div id=\"div_block-2214-26-4\" class=\"ct-div-block\" data-id=\"div_block-2214-26\">\n        <div id=\"_superbox-2215-26-4\" class=\"oxy-superbox fancy-artwork-1-superbox\" data-id=\"_superbox-2215-26\">\n          <div class=\"oxy-superbox-wrap\">\n            <div id=\"div_block-2216-26-4\" class=\"ct-div-block oxy-superbox-primary\" data-id=\"div_block-2216-26\"><img decoding=\"async\" id=\"image-2217-26-4\" alt=\"\" src=\"https:\/\/devellabell.ad\/wp-content\/uploads\/2021\/06\/taula7-300x300.jpg\" class=\"ct-image fancy-artworks-1-image\" data-id=\"image-2217-26\"><\/div><div id=\"div_block-2218-26-4\" class=\"ct-div-block oxy-superbox-secondary\" data-id=\"div_block-2218-26\"><a id=\"link-2219-26-4\" class=\"ct-link fancy-artworks-1-back\" href=\"https:\/\/devellabell.ad\/es\/treballs\/restauracio\/taula-auxiliar-estil-isabeli\" target=\"_blank\" data-id=\"link-2219-26\"><h3 id=\"headline-2220-26-4\" class=\"ct-headline fancy-artworks-1-title\" data-id=\"headline-2220-26\"><span id=\"span-2221-26\" class=\"ct-span\" >Taula auxiliar estil Isabel\u00ed<\/span><\/h3><img decoding=\"async\" id=\"image-2222-26-4\" alt=\"\" src=\"https:\/\/fancyfreelancer.oxy.host\/wp-content\/uploads\/sites\/58\/2019\/02\/\u00d7@2x.png\" class=\"ct-image fancy-artwork-1-superbox-x\" data-id=\"image-2222-26\"><div id=\"text_block-2223-26-4\" class=\"ct-text-block fancy-artworks-1-text\" data-id=\"text_block-2223-26\"><span id=\"span-2224-26\" class=\"ct-span\" >Restauraci\u00f3 de la xapa de fusta del sobre de la tauleta auxiliar, neteja, desinsectaci\u00f3, adhesi\u00f3, reintegraci\u00f3 mat\u00e8rica, reintegraci\u00f3 crom\u00e0tica i protecci\u00f3 final.<\/span><\/div><\/a><\/div>          <\/div>\n        <\/div>\n\n        <\/div><\/div>                    \n                                            \n                                        \n                    <\/div>\n<\/div><div id=\"_tab_content-1199-26\" class=\"oxy-tab-content tabs-contents-3240-tab  oxy-tabs-contents-content-hidden\" ><div id=\"_dynamic_list-2161-26\" class=\"oxy-dynamic-list\"><div id=\"div_block-2162-26-1\" class=\"ct-div-block\" data-id=\"div_block-2162-26\"><div id=\"div_block-2163-26-1\" class=\"ct-div-block\" data-id=\"div_block-2163-26\">\n        <div id=\"_superbox-2164-26-1\" class=\"oxy-superbox fancy-artwork-1-superbox\" data-id=\"_superbox-2164-26\">\n          <div class=\"oxy-superbox-wrap\">\n            <div id=\"div_block-2165-26-1\" class=\"ct-div-block oxy-superbox-primary\" data-id=\"div_block-2165-26\"><img decoding=\"async\" id=\"image-2166-26-1\" alt=\"\" src=\"https:\/\/devellabell.ad\/wp-content\/uploads\/2022\/02\/mirall19-300x300.jpg\" class=\"ct-image fancy-artworks-1-image\" data-id=\"image-2166-26\"><\/div><div id=\"div_block-2167-26-1\" class=\"ct-div-block oxy-superbox-secondary\" data-id=\"div_block-2167-26\"><a id=\"link-2168-26-1\" class=\"ct-link fancy-artworks-1-back\" href=\"https:\/\/devellabell.ad\/es\/general\/restauracio-del-marc-dun-mirall\" target=\"_blank\" data-id=\"link-2168-26\"><h3 id=\"headline-2169-26-1\" class=\"ct-headline fancy-artworks-1-title\" data-id=\"headline-2169-26\"><span id=\"span-2170-26\" class=\"ct-span\" >Restauraci\u00f3 del marc d'un mirall<\/span><\/h3><img decoding=\"async\" id=\"image-2171-26-1\" alt=\"\" src=\"https:\/\/fancyfreelancer.oxy.host\/wp-content\/uploads\/sites\/58\/2019\/02\/\u00d7@2x.png\" class=\"ct-image fancy-artwork-1-superbox-x\" data-id=\"image-2171-26\"><div id=\"text_block-2172-26-1\" class=\"ct-text-block fancy-artworks-1-text\" data-id=\"text_block-2172-26\"><span id=\"span-2173-26\" class=\"ct-span\" >Restauraci\u00f3, adhesi\u00f3, neteja, reintegraci\u00f3 mat\u00e8rica i crom\u00e0tica, protecci\u00f3 final d'un marc de fusta xapada d'un mirall.<\/span><\/div><\/a><\/div>          <\/div>\n        <\/div>\n\n        <\/div><\/div><div id=\"div_block-2162-26-2\" class=\"ct-div-block\" data-id=\"div_block-2162-26\"><div id=\"div_block-2163-26-2\" class=\"ct-div-block\" data-id=\"div_block-2163-26\">\n        <div id=\"_superbox-2164-26-2\" class=\"oxy-superbox fancy-artwork-1-superbox\" data-id=\"_superbox-2164-26\">\n          <div class=\"oxy-superbox-wrap\">\n            <div id=\"div_block-2165-26-2\" class=\"ct-div-block oxy-superbox-primary\" data-id=\"div_block-2165-26\"><img decoding=\"async\" id=\"image-2166-26-2\" alt=\"\" src=\"https:\/\/devellabell.ad\/wp-content\/uploads\/2021\/08\/3-2-300x300.jpg\" class=\"ct-image fancy-artworks-1-image\" data-id=\"image-2166-26\"><\/div><div id=\"div_block-2167-26-2\" class=\"ct-div-block oxy-superbox-secondary\" data-id=\"div_block-2167-26\"><a id=\"link-2168-26-2\" class=\"ct-link fancy-artworks-1-back\" href=\"https:\/\/devellabell.ad\/es\/general\/restauracio-duna-cornucopia-daurada\" target=\"_blank\" data-id=\"link-2168-26\"><h3 id=\"headline-2169-26-2\" class=\"ct-headline fancy-artworks-1-title\" data-id=\"headline-2169-26\"><span id=\"span-2170-26\" class=\"ct-span\" >Cornuc\u00f2pia daurada<\/span><\/h3><img decoding=\"async\" id=\"image-2171-26-2\" alt=\"\" src=\"https:\/\/fancyfreelancer.oxy.host\/wp-content\/uploads\/sites\/58\/2019\/02\/\u00d7@2x.png\" class=\"ct-image fancy-artwork-1-superbox-x\" data-id=\"image-2171-26\"><div id=\"text_block-2172-26-2\" class=\"ct-text-block fancy-artworks-1-text\" data-id=\"text_block-2172-26\"><span id=\"span-2173-26\" class=\"ct-span\" >Neteja del daurat i protecci\u00f3 final d'una cornuc\u00f2pia de petites dimensions<\/span><\/div><\/a><\/div>          <\/div>\n        <\/div>\n\n        <\/div><\/div><div id=\"div_block-2162-26-3\" class=\"ct-div-block\" data-id=\"div_block-2162-26\"><div id=\"div_block-2163-26-3\" class=\"ct-div-block\" data-id=\"div_block-2163-26\">\n        <div id=\"_superbox-2164-26-3\" class=\"oxy-superbox fancy-artwork-1-superbox\" data-id=\"_superbox-2164-26\">\n          <div class=\"oxy-superbox-wrap\">\n            <div id=\"div_block-2165-26-3\" class=\"ct-div-block oxy-superbox-primary\" data-id=\"div_block-2165-26\"><img decoding=\"async\" id=\"image-2166-26-3\" alt=\"\" src=\"https:\/\/devellabell.ad\/wp-content\/uploads\/2021\/06\/radio-fusta-300x200.jpg\" class=\"ct-image fancy-artworks-1-image\" data-id=\"image-2166-26\"><\/div><div id=\"div_block-2167-26-3\" class=\"ct-div-block oxy-superbox-secondary\" data-id=\"div_block-2167-26\"><a id=\"link-2168-26-3\" class=\"ct-link fancy-artworks-1-back\" href=\"https:\/\/devellabell.ad\/es\/general\/radio-de-fusta\" target=\"_blank\" data-id=\"link-2168-26\"><h3 id=\"headline-2169-26-3\" class=\"ct-headline fancy-artworks-1-title\" data-id=\"headline-2169-26\"><span id=\"span-2170-26\" class=\"ct-span\" >R\u00e0dio de fusta<\/span><\/h3><img decoding=\"async\" id=\"image-2171-26-3\" alt=\"\" src=\"https:\/\/fancyfreelancer.oxy.host\/wp-content\/uploads\/sites\/58\/2019\/02\/\u00d7@2x.png\" class=\"ct-image fancy-artwork-1-superbox-x\" data-id=\"image-2171-26\"><div id=\"text_block-2172-26-3\" class=\"ct-text-block fancy-artworks-1-text\" data-id=\"text_block-2172-26\"><span id=\"span-2173-26\" class=\"ct-span\" >Restauraci\u00f3 d'una r\u00e0dio de fusta antiga.<\/span><\/div><\/a><\/div>          <\/div>\n        <\/div>\n\n        <\/div><\/div>                    \n                                            \n                                        \n                    <\/div>\n<\/div><div id=\"_tab_content-1228-26\" class=\"oxy-tab-content tabs-contents-3240-tab  oxy-tabs-contents-content-hidden\" ><div id=\"_dynamic_list-1787-26\" class=\"oxy-dynamic-list\"><div id=\"div_block-1788-26-1\" class=\"ct-div-block\" data-id=\"div_block-1788-26\"><div id=\"div_block-1789-26-1\" class=\"ct-div-block\" data-id=\"div_block-1789-26\">\n        <div id=\"_superbox-1790-26-1\" class=\"oxy-superbox fancy-artwork-1-superbox\" data-id=\"_superbox-1790-26\">\n          <div class=\"oxy-superbox-wrap\">\n            <div id=\"div_block-1791-26-1\" class=\"ct-div-block oxy-superbox-primary\" data-id=\"div_block-1791-26\"><img decoding=\"async\" id=\"image-1792-26-1\" alt=\"\" src=\"https:\/\/devellabell.ad\/wp-content\/uploads\/2022\/01\/plandolit-8-169x300.jpg\" class=\"ct-image fancy-artworks-1-image\" data-id=\"image-1792-26\"><\/div><div id=\"div_block-1793-26-1\" class=\"ct-div-block oxy-superbox-secondary\" data-id=\"div_block-1793-26\"><a id=\"link-1794-26-1\" class=\"ct-link fancy-artworks-1-back\" href=\"https:\/\/devellabell.ad\/es\/treballs\/restauracio\/rejilla-y-encordado\/substitucio-del-seient-de-boga\" target=\"_blank\" data-id=\"link-1794-26\"><h3 id=\"headline-1795-26-1\" class=\"ct-headline fancy-artworks-1-title\" data-id=\"headline-1795-26\"><span id=\"span-1796-26\" class=\"ct-span\" >Substituci\u00f3 del seient de boga<\/span><\/h3><img decoding=\"async\" id=\"image-1797-26-1\" alt=\"\" src=\"https:\/\/fancyfreelancer.oxy.host\/wp-content\/uploads\/sites\/58\/2019\/02\/\u00d7@2x.png\" class=\"ct-image fancy-artwork-1-superbox-x\" data-id=\"image-1797-26\"><div id=\"text_block-1798-26-1\" class=\"ct-text-block fancy-artworks-1-text\" data-id=\"text_block-1798-26\"><span id=\"span-1799-26\" class=\"ct-span\" >Substituci\u00f3 dels seients amb boga, balca, bova, de dues cadires de la sala moble del Museu Casa d'Areny-Plandolit d'Ordino.<\/span><\/div><\/a><\/div>          <\/div>\n        <\/div>\n\n        <\/div><\/div><div id=\"div_block-1788-26-2\" class=\"ct-div-block\" data-id=\"div_block-1788-26\"><div id=\"div_block-1789-26-2\" class=\"ct-div-block\" data-id=\"div_block-1789-26\">\n        <div id=\"_superbox-1790-26-2\" class=\"oxy-superbox fancy-artwork-1-superbox\" data-id=\"_superbox-1790-26\">\n          <div class=\"oxy-superbox-wrap\">\n            <div id=\"div_block-1791-26-2\" class=\"ct-div-block oxy-superbox-primary\" data-id=\"div_block-1791-26\"><img decoding=\"async\" id=\"image-1792-26-2\" alt=\"\" src=\"https:\/\/devellabell.ad\/wp-content\/uploads\/2021\/08\/2-300x300.jpg\" class=\"ct-image fancy-artworks-1-image\" data-id=\"image-1792-26\"><\/div><div id=\"div_block-1793-26-2\" class=\"ct-div-block oxy-superbox-secondary\" data-id=\"div_block-1793-26\"><a id=\"link-1794-26-2\" class=\"ct-link fancy-artworks-1-back\" href=\"https:\/\/devellabell.ad\/es\/general\/reparacio-del-seient-de-voga\" target=\"_blank\" data-id=\"link-1794-26\"><h3 id=\"headline-1795-26-2\" class=\"ct-headline fancy-artworks-1-title\" data-id=\"headline-1795-26\"><span id=\"span-1796-26\" class=\"ct-span\" >Reparaci\u00f3 del seient de boga<\/span><\/h3><img decoding=\"async\" id=\"image-1797-26-2\" alt=\"\" src=\"https:\/\/fancyfreelancer.oxy.host\/wp-content\/uploads\/sites\/58\/2019\/02\/\u00d7@2x.png\" class=\"ct-image fancy-artwork-1-superbox-x\" data-id=\"image-1797-26\"><div id=\"text_block-1798-26-2\" class=\"ct-text-block fancy-artworks-1-text\" data-id=\"text_block-1798-26\"><span id=\"span-1799-26\" class=\"ct-span\" >substituci\u00f3 de la voga vella i trencada.<\/span><\/div><\/a><\/div>          <\/div>\n        <\/div>\n\n        <\/div><\/div><div id=\"div_block-1788-26-3\" class=\"ct-div-block\" data-id=\"div_block-1788-26\"><div id=\"div_block-1789-26-3\" class=\"ct-div-block\" data-id=\"div_block-1789-26\">\n        <div id=\"_superbox-1790-26-3\" class=\"oxy-superbox fancy-artwork-1-superbox\" data-id=\"_superbox-1790-26\">\n          <div class=\"oxy-superbox-wrap\">\n            <div id=\"div_block-1791-26-3\" class=\"ct-div-block oxy-superbox-primary\" data-id=\"div_block-1791-26\"><img decoding=\"async\" id=\"image-1792-26-3\" alt=\"\" src=\"https:\/\/devellabell.ad\/wp-content\/uploads\/2022\/01\/20211229_090409-e1642696030880-300x300.jpg\" class=\"ct-image fancy-artworks-1-image\" data-id=\"image-1792-26\"><\/div><div id=\"div_block-1793-26-3\" class=\"ct-div-block oxy-superbox-secondary\" data-id=\"div_block-1793-26\"><a id=\"link-1794-26-3\" class=\"ct-link fancy-artworks-1-back\" href=\"https:\/\/devellabell.ad\/es\/general\/cadira-encordada-2\" target=\"_blank\" data-id=\"link-1794-26\"><h3 id=\"headline-1795-26-3\" class=\"ct-headline fancy-artworks-1-title\" data-id=\"headline-1795-26\"><span id=\"span-1796-26\" class=\"ct-span\" >Encordat d'unes cadires de l'hotel Rolaleda<\/span><\/h3><img decoding=\"async\" id=\"image-1797-26-3\" alt=\"\" src=\"https:\/\/fancyfreelancer.oxy.host\/wp-content\/uploads\/sites\/58\/2019\/02\/\u00d7@2x.png\" class=\"ct-image fancy-artwork-1-superbox-x\" data-id=\"image-1797-26\"><div id=\"text_block-1798-26-3\" class=\"ct-text-block fancy-artworks-1-text\" data-id=\"text_block-1798-26\"><span id=\"span-1799-26\" class=\"ct-span\" >Substituci\u00f3 de l'encordat de quatre cadires de l'Hotel Rosaleda d'Encamp.<\/span><\/div><\/a><\/div>          <\/div>\n        <\/div>\n\n        <\/div><\/div><div id=\"div_block-1788-26-4\" class=\"ct-div-block\" data-id=\"div_block-1788-26\"><div id=\"div_block-1789-26-4\" class=\"ct-div-block\" data-id=\"div_block-1789-26\">\n        <div id=\"_superbox-1790-26-4\" class=\"oxy-superbox fancy-artwork-1-superbox\" data-id=\"_superbox-1790-26\">\n          <div class=\"oxy-superbox-wrap\">\n            <div id=\"div_block-1791-26-4\" class=\"ct-div-block oxy-superbox-primary\" data-id=\"div_block-1791-26\"><img decoding=\"async\" id=\"image-1792-26-4\" alt=\"\" src=\"https:\/\/devellabell.ad\/wp-content\/uploads\/2021\/05\/balanci-abans-200x300.jpg\" class=\"ct-image fancy-artworks-1-image\" data-id=\"image-1792-26\"><\/div><div id=\"div_block-1793-26-4\" class=\"ct-div-block oxy-superbox-secondary\" data-id=\"div_block-1793-26\"><a id=\"link-1794-26-4\" class=\"ct-link fancy-artworks-1-back\" href=\"https:\/\/devellabell.ad\/es\/general\/balanci-de-reixeta\" target=\"_blank\" data-id=\"link-1794-26\"><h3 id=\"headline-1795-26-4\" class=\"ct-headline fancy-artworks-1-title\" data-id=\"headline-1795-26\"><span id=\"span-1796-26\" class=\"ct-span\" >Balanci de reixeta<\/span><\/h3><img decoding=\"async\" id=\"image-1797-26-4\" alt=\"\" src=\"https:\/\/fancyfreelancer.oxy.host\/wp-content\/uploads\/sites\/58\/2019\/02\/\u00d7@2x.png\" class=\"ct-image fancy-artwork-1-superbox-x\" data-id=\"image-1797-26\"><div id=\"text_block-1798-26-4\" class=\"ct-text-block fancy-artworks-1-text\" data-id=\"text_block-1798-26\"><span id=\"span-1799-26\" class=\"ct-span\" ><\/span><\/div><\/a><\/div>          <\/div>\n        <\/div>\n\n        <\/div><\/div><div id=\"div_block-1788-26-5\" class=\"ct-div-block\" data-id=\"div_block-1788-26\"><div id=\"div_block-1789-26-5\" class=\"ct-div-block\" data-id=\"div_block-1789-26\">\n        <div id=\"_superbox-1790-26-5\" class=\"oxy-superbox fancy-artwork-1-superbox\" data-id=\"_superbox-1790-26\">\n          <div class=\"oxy-superbox-wrap\">\n            <div id=\"div_block-1791-26-5\" class=\"ct-div-block oxy-superbox-primary\" data-id=\"div_block-1791-26\"><img decoding=\"async\" id=\"image-1792-26-5\" alt=\"\" src=\"https:\/\/devellabell.ad\/wp-content\/uploads\/2021\/04\/CADIRA-ARREGLADA-300x300.jpeg\" class=\"ct-image fancy-artworks-1-image\" data-id=\"image-1792-26\"><\/div><div id=\"div_block-1793-26-5\" class=\"ct-div-block oxy-superbox-secondary\" data-id=\"div_block-1793-26\"><a id=\"link-1794-26-5\" class=\"ct-link fancy-artworks-1-back\" href=\"https:\/\/devellabell.ad\/es\/treballs\/restauracio\/rejilla-y-encordado\/cadira-encordada\" target=\"_blank\" data-id=\"link-1794-26\"><h3 id=\"headline-1795-26-5\" class=\"ct-headline fancy-artworks-1-title\" data-id=\"headline-1795-26\"><span id=\"span-1796-26\" class=\"ct-span\" >Cadira de reixeta<\/span><\/h3><img decoding=\"async\" id=\"image-1797-26-5\" alt=\"\" src=\"https:\/\/fancyfreelancer.oxy.host\/wp-content\/uploads\/sites\/58\/2019\/02\/\u00d7@2x.png\" class=\"ct-image fancy-artwork-1-superbox-x\" data-id=\"image-1797-26\"><div id=\"text_block-1798-26-5\" class=\"ct-text-block fancy-artworks-1-text\" data-id=\"text_block-1798-26\"><span id=\"span-1799-26\" class=\"ct-span\" ><\/span><\/div><\/a><\/div>          <\/div>\n        <\/div>\n\n        <\/div><\/div>                    \n                                            \n                                        \n                    <\/div>\n<\/div><div id=\"_tab_content-1285-26\" class=\"oxy-tab-content tabs-contents-3240-tab  oxy-tabs-contents-content-hidden\" ><div id=\"_dynamic_list-1561-26\" class=\"oxy-dynamic-list\"><div id=\"div_block-1562-26-1\" class=\"ct-div-block\" data-id=\"div_block-1562-26\"><div id=\"div_block-1563-26-1\" class=\"ct-div-block\" data-id=\"div_block-1563-26\">\n        <div id=\"_superbox-1564-26-1\" class=\"oxy-superbox fancy-artwork-1-superbox\" data-id=\"_superbox-1564-26\">\n          <div class=\"oxy-superbox-wrap\">\n            <div id=\"div_block-1565-26-1\" class=\"ct-div-block oxy-superbox-primary\" data-id=\"div_block-1565-26\"><img decoding=\"async\" id=\"image-1566-26-1\" alt=\"\" src=\"https:\/\/devellabell.ad\/wp-content\/uploads\/2021\/06\/marc-daurat56pg-287x300.jpg\" class=\"ct-image fancy-artworks-1-image\" data-id=\"image-1566-26\"><\/div><div id=\"div_block-1567-26-1\" class=\"ct-div-block oxy-superbox-secondary\" data-id=\"div_block-1567-26\"><a id=\"link-1568-26-1\" class=\"ct-link fancy-artworks-1-back\" href=\"https:\/\/devellabell.ad\/es\/general\/marc-daurat\" target=\"_blank\" data-id=\"link-1568-26\"><h3 id=\"headline-1569-26-1\" class=\"ct-headline fancy-artworks-1-title\" data-id=\"headline-1569-26\"><span id=\"span-1570-26\" class=\"ct-span\" >Marc daurat<\/span><\/h3><img decoding=\"async\" id=\"image-1571-26-1\" alt=\"\" src=\"https:\/\/fancyfreelancer.oxy.host\/wp-content\/uploads\/sites\/58\/2019\/02\/\u00d7@2x.png\" class=\"ct-image fancy-artwork-1-superbox-x\" data-id=\"image-1571-26\"><div id=\"text_block-1572-26-1\" class=\"ct-text-block fancy-artworks-1-text\" data-id=\"text_block-1572-26\"><span id=\"span-1573-26\" class=\"ct-span\" >Restauraci\u00f3 i reproducci\u00f3 d'un element decoratiu d'un marc daurat.<\/span><\/div><\/a><\/div>          <\/div>\n        <\/div>\n\n        <\/div><\/div><div id=\"div_block-1562-26-2\" class=\"ct-div-block\" data-id=\"div_block-1562-26\"><div id=\"div_block-1563-26-2\" class=\"ct-div-block\" data-id=\"div_block-1563-26\">\n        <div id=\"_superbox-1564-26-2\" class=\"oxy-superbox fancy-artwork-1-superbox\" data-id=\"_superbox-1564-26\">\n          <div class=\"oxy-superbox-wrap\">\n            <div id=\"div_block-1565-26-2\" class=\"ct-div-block oxy-superbox-primary\" data-id=\"div_block-1565-26\"><img decoding=\"async\" id=\"image-1566-26-2\" alt=\"\" src=\"https:\/\/devellabell.ad\/wp-content\/uploads\/2021\/06\/taulaprats2-300x300.jpg\" class=\"ct-image fancy-artworks-1-image\" data-id=\"image-1566-26\"><\/div><div id=\"div_block-1567-26-2\" class=\"ct-div-block oxy-superbox-secondary\" data-id=\"div_block-1567-26\"><a id=\"link-1568-26-2\" class=\"ct-link fancy-artworks-1-back\" href=\"https:\/\/devellabell.ad\/es\/general\/reproduccio-pictorica-duna-taula-del-retaule-de-prats-de-canillo\" target=\"_blank\" data-id=\"link-1568-26\"><h3 id=\"headline-1569-26-2\" class=\"ct-headline fancy-artworks-1-title\" data-id=\"headline-1569-26\"><span id=\"span-1570-26\" class=\"ct-span\" >Retaule de Prats de Canillo<\/span><\/h3><img decoding=\"async\" id=\"image-1571-26-2\" alt=\"\" src=\"https:\/\/fancyfreelancer.oxy.host\/wp-content\/uploads\/sites\/58\/2019\/02\/\u00d7@2x.png\" class=\"ct-image fancy-artwork-1-superbox-x\" data-id=\"image-1571-26\"><div id=\"text_block-1572-26-2\" class=\"ct-text-block fancy-artworks-1-text\" data-id=\"text_block-1572-26\"><span id=\"span-1573-26\" class=\"ct-span\" >Reproducci\u00f3 pict\u00f2rica de la taula \"L'aparici\u00f3 del Mont G\u00e0rgan\" pertanyent al retaule de Prats de Canillo.<\/span><\/div><\/a><\/div>          <\/div>\n        <\/div>\n\n        <\/div><\/div>                    \n                                            \n                                        \n                    <\/div>\n<\/div><\/div><script type=\"text\/javascript\">var firstTab = document.querySelector('#_tabs_contents-1154-26 > .oxy-tabs-contents-content-hidden:first-child'); if(firstTab && firstTab.classList){firstTab.classList.remove(\"oxy-tabs-contents-content-hidden\")};<\/script><\/div><\/section><section id=\"treballs\" class=\" ct-section\" ><div class=\"ct-section-inner-wrap\"><div id=\"fancy_icon-1022-26\" class=\"ct-fancy-icon fancy-iconblock-3-icon\" ><svg id=\"svg-fancy_icon-1022-26\"><use xlink:href=\"#Lineariconsicon-highlight\"><\/use><\/svg><\/div><div id=\"text_block-705-26\" class=\"ct-text-block\" >\u00bfVols veure'n alguns exemples?<\/div><div id=\"div_block-706-26\" class=\"ct-div-block\" ><h2 id=\"headline-708-26\" class=\"ct-headline fancy-heading-three\">Treballs recents<\/h2><\/div><div id=\"_dynamic_list-1375-26\" class=\"oxy-dynamic-list\"><div id=\"div_block-1376-26-1\" class=\"ct-div-block\" data-id=\"div_block-1376-26\"><img decoding=\"async\" id=\"image-1379-26-1\" alt=\"\" src=\"https:\/\/devellabell.ad\/wp-content\/uploads\/2023\/03\/calaixera1-300x300.jpg\" class=\"ct-image\" data-id=\"image-1379-26\"><h6 id=\"headline-1385-26-1\" class=\"ct-headline\" data-id=\"headline-1385-26\"><span id=\"span-1390-26\" class=\"ct-span\" ><a href='https:\/\/devellabell.ad\/es\/treballs\/restauracio\/transformacio-duna-calaixera'>Transformaci\u00f3 d'una calaixera<\/a><\/span><\/h6><\/div><div id=\"div_block-1376-26-2\" class=\"ct-div-block\" data-id=\"div_block-1376-26\"><img decoding=\"async\" id=\"image-1379-26-2\" alt=\"\" src=\"https:\/\/devellabell.ad\/wp-content\/uploads\/2022\/02\/mirall19-300x300.jpg\" class=\"ct-image\" data-id=\"image-1379-26\"><h6 id=\"headline-1385-26-2\" class=\"ct-headline\" data-id=\"headline-1385-26\"><span id=\"span-1390-26\" class=\"ct-span\" ><a href='https:\/\/devellabell.ad\/es\/general\/restauracio-del-marc-dun-mirall'>Restauraci\u00f3 del marc d'un mirall<\/a><\/span><\/h6><\/div><div id=\"div_block-1376-26-3\" class=\"ct-div-block\" data-id=\"div_block-1376-26\"><img decoding=\"async\" id=\"image-1379-26-3\" alt=\"\" src=\"https:\/\/devellabell.ad\/wp-content\/uploads\/2022\/01\/plandolit-8-169x300.jpg\" class=\"ct-image\" data-id=\"image-1379-26\"><h6 id=\"headline-1385-26-3\" class=\"ct-headline\" data-id=\"headline-1385-26\"><span id=\"span-1390-26\" class=\"ct-span\" ><a href='https:\/\/devellabell.ad\/es\/treballs\/restauracio\/rejilla-y-encordado\/substitucio-del-seient-de-boga'>Substituci\u00f3 del seient de boga<\/a><\/span><\/h6><\/div>                    \n                                            \n                                        <div class=\"oxy-repeater-pages-wrap\">\n                        <div class=\"oxy-repeater-pages\">\n                            <span aria-label=\"P&aacute;gina 1\" aria-current=\"page\" class=\"page-numbers current\">1<\/span>\n<a aria-label=\"P&aacute;gina 2\" class=\"page-numbers\" href=\"https:\/\/devellabell.ad\/wp-json\/wp\/v2\/pages\/26\/page\/2\">2<\/a>\n<a aria-label=\"P&aacute;gina 3\" class=\"page-numbers\" href=\"https:\/\/devellabell.ad\/wp-json\/wp\/v2\/pages\/26\/page\/3\">3<\/a>\n<span class=\"page-numbers dots\">&hellip;<\/span>\n<a aria-label=\"P&aacute;gina 7\" class=\"page-numbers\" href=\"https:\/\/devellabell.ad\/wp-json\/wp\/v2\/pages\/26\/page\/7\">7<\/a>\n<a class=\"next page-numbers\" href=\"https:\/\/devellabell.ad\/wp-json\/wp\/v2\/pages\/26\/page\/2\">Siguiente &raquo;<\/a>                        <\/div>\n                    <\/div>\n                                        \n                    <\/div>\n<\/div><\/section><section id=\"section-1423-26\" class=\" ct-section\" ><div class=\"ct-section-inner-wrap\"><div id=\"div_block-1487-26\" class=\"ct-div-block fancy-main-button-light-wrapper\" ><a id=\"link_button-1488-26\" class=\"ct-link-button fancy-main-button-dark\" href=\"https:\/\/devellabell.ad\/category\/treballs\"   >VEURE'ls TOTs<\/a><\/div><\/div><\/section><section id=\"section-411-26\" class=\" ct-section\" ><div class=\"ct-section-inner-wrap\"><div id=\"div_block-2372-26\" class=\"ct-div-block\" ><div id=\"fancy_icon-1019-26\" class=\"ct-fancy-icon fancy-iconblock-3-icon\" ><svg id=\"svg-fancy_icon-1019-26\"><use xlink:href=\"#FontAwesomeicon-shopping-bag\"><\/use><\/svg><\/div><div id=\"text_block-412-26\" class=\"ct-text-block\" >Venda de mobles i regals<\/div><div id=\"div_block-668-26\" class=\"ct-div-block\" ><h2 id=\"headline-413-26\" class=\"ct-headline fancy-heading-three\">MObles i Artesania<\/h2><\/div><\/div>\n\t\t<div id=\"-woo-products-658-26\" class=\"oxy-woo-products oxy-woo-element\" ><h1 class='page-title'>Botiga<\/h1><div class=\"woocommerce columns-3 \"><div class=\"woocommerce-notices-wrapper\"><\/div><p class=\"woocommerce-result-count\" role=\"status\" aria-relevant=\"all\" data-is-sorted-by=\"true\">\n\tMostrando 1&ndash;3 de 6 resultados<span class=\"screen-reader-text\">Ordenado por los \u00faltimos<\/span><\/p>\n<form class=\"woocommerce-ordering\" method=\"get\">\n\t\t<select\n\t\tname=\"orderby\"\n\t\tclass=\"orderby\"\n\t\t\t\t\taria-label=\"Pedido de la tienda\"\n\t\t\t>\n\t\t\t\t\t<option value=\"popularity\" >Ordenar por popularidad<\/option>\n\t\t\t\t\t<option value=\"rating\" >Ordenar por puntuaci\u00f3n media<\/option>\n\t\t\t\t\t<option value=\"date\"  selected='selected'>Ordenar por los \u00faltimos<\/option>\n\t\t\t\t\t<option value=\"price\" >Ordenar por precio: bajo a alto<\/option>\n\t\t\t\t\t<option value=\"price-desc\" >Ordenar por precio: alto a bajo<\/option>\n\t\t\t<\/select>\n\t<input type=\"hidden\" name=\"paged\" value=\"1\" \/>\n\t<\/form>\n<ul class=\"products columns-3\">\n<li class=\"product type-product post-667 status-publish first instock product_cat-fleur-paint has-post-thumbnail shipping-taxable product-type-simple\">\n\t<a href=\"https:\/\/devellabell.ad\/es\/producte\/fleurpaint\" class=\"woocommerce-LoopProduct-link woocommerce-loop-product__link\"><img loading=\"lazy\" decoding=\"async\" width=\"300\" height=\"300\" src=\"https:\/\/devellabell.ad\/wp-content\/uploads\/2021\/07\/mostrari-1-300x300.jpg\" class=\"attachment-woocommerce_thumbnail size-woocommerce_thumbnail\" alt=\"Fleur Paint\" srcset=\"https:\/\/devellabell.ad\/wp-content\/uploads\/2021\/07\/mostrari-1-300x300.jpg 300w, https:\/\/devellabell.ad\/wp-content\/uploads\/2021\/07\/mostrari-1-100x100.jpg 100w, https:\/\/devellabell.ad\/wp-content\/uploads\/2021\/07\/mostrari-1-600x600.jpg 600w, https:\/\/devellabell.ad\/wp-content\/uploads\/2021\/07\/mostrari-1-1024x1024.jpg 1024w, https:\/\/devellabell.ad\/wp-content\/uploads\/2021\/07\/mostrari-1-150x150.jpg 150w, https:\/\/devellabell.ad\/wp-content\/uploads\/2021\/07\/mostrari-1-768x768.jpg 768w, https:\/\/devellabell.ad\/wp-content\/uploads\/2021\/07\/mostrari-1.jpg 1500w\" sizes=\"auto, (max-width: 300px) 100vw, 300px\" \/><h2 class=\"woocommerce-loop-product__title\">Fleur Paint<\/h2>\n<\/a><a href=\"https:\/\/devellabell.ad\/es\/producte\/fleurpaint\" aria-describedby=\"woocommerce_loop_add_to_cart_link_describedby_667\" data-quantity=\"1\" class=\"button wp-element-button product_type_simple\" data-product_id=\"667\" data-product_sku=\"\" aria-label=\"Lee m\u00e1s sobre &ldquo;Fleur Paint&rdquo;\" rel=\"nofollow\" data-success_message=\"\">Leer m\u00e1s<\/a>\t<span id=\"woocommerce_loop_add_to_cart_link_describedby_667\" class=\"screen-reader-text\">\n\t\t\t<\/span>\n<\/li>\n<li class=\"product type-product post-536 status-publish onbackorder product_cat-bijuteria product_cat-artesania-mobles has-post-thumbnail shipping-taxable product-type-simple\">\n\t<a href=\"https:\/\/devellabell.ad\/es\/producte\/arrecades\" class=\"woocommerce-LoopProduct-link woocommerce-loop-product__link\"><img loading=\"lazy\" decoding=\"async\" width=\"300\" height=\"300\" src=\"https:\/\/devellabell.ad\/wp-content\/uploads\/2021\/05\/20210408_173402-scaled-300x300.jpg\" class=\"attachment-woocommerce_thumbnail size-woocommerce_thumbnail\" alt=\"Conjunt SOL IXENT\" srcset=\"https:\/\/devellabell.ad\/wp-content\/uploads\/2021\/05\/20210408_173402-300x300.jpg 300w, https:\/\/devellabell.ad\/wp-content\/uploads\/2021\/05\/20210408_173402-100x100.jpg 100w, https:\/\/devellabell.ad\/wp-content\/uploads\/2021\/05\/20210408_173402-600x600.jpg 600w, https:\/\/devellabell.ad\/wp-content\/uploads\/2021\/05\/20210408_173402-1024x1024.jpg 1024w, https:\/\/devellabell.ad\/wp-content\/uploads\/2021\/05\/20210408_173402-150x150.jpg 150w, https:\/\/devellabell.ad\/wp-content\/uploads\/2021\/05\/20210408_173402-768x768.jpg 768w, https:\/\/devellabell.ad\/wp-content\/uploads\/2021\/05\/20210408_173402-1536x1536.jpg 1536w, https:\/\/devellabell.ad\/wp-content\/uploads\/2021\/05\/20210408_173402-2048x2048.jpg 2048w, https:\/\/devellabell.ad\/wp-content\/uploads\/2021\/05\/20210408_173402-scaled.jpg 2560w\" sizes=\"auto, (max-width: 300px) 100vw, 300px\" \/><h2 class=\"woocommerce-loop-product__title\">Conjunt SOL IXENT<\/h2>\n<\/a><a href=\"https:\/\/devellabell.ad\/es\/producte\/arrecades\" aria-describedby=\"woocommerce_loop_add_to_cart_link_describedby_536\" data-quantity=\"1\" class=\"button wp-element-button product_type_simple\" data-product_id=\"536\" data-product_sku=\"\" aria-label=\"Lee m\u00e1s sobre &ldquo;Conjunt SOL IXENT&rdquo;\" rel=\"nofollow\" data-success_message=\"\">Leer m\u00e1s<\/a>\t<span id=\"woocommerce_loop_add_to_cart_link_describedby_536\" class=\"screen-reader-text\">\n\t\t\t<\/span>\n<\/li>\n<li class=\"product type-product post-590 status-publish last instock product_cat-decoracio product_cat-artesania-mobles has-post-thumbnail shipping-taxable product-type-simple\">\n\t<a href=\"https:\/\/devellabell.ad\/es\/producte\/penjador-per-a-arrecades\" class=\"woocommerce-LoopProduct-link woocommerce-loop-product__link\"><img loading=\"lazy\" decoding=\"async\" width=\"300\" height=\"300\" src=\"https:\/\/devellabell.ad\/wp-content\/uploads\/2021\/06\/Penjadors-1-300x300.jpg\" class=\"attachment-woocommerce_thumbnail size-woocommerce_thumbnail\" alt=\"Penjadors\" srcset=\"https:\/\/devellabell.ad\/wp-content\/uploads\/2021\/06\/Penjadors-1-300x300.jpg 300w, https:\/\/devellabell.ad\/wp-content\/uploads\/2021\/06\/Penjadors-1-100x100.jpg 100w, https:\/\/devellabell.ad\/wp-content\/uploads\/2021\/06\/Penjadors-1-600x600.jpg 600w, https:\/\/devellabell.ad\/wp-content\/uploads\/2021\/06\/Penjadors-1-1024x1024.jpg 1024w, https:\/\/devellabell.ad\/wp-content\/uploads\/2021\/06\/Penjadors-1-150x150.jpg 150w, https:\/\/devellabell.ad\/wp-content\/uploads\/2021\/06\/Penjadors-1-768x768.jpg 768w, https:\/\/devellabell.ad\/wp-content\/uploads\/2021\/06\/Penjadors-1.jpg 1500w\" sizes=\"auto, (max-width: 300px) 100vw, 300px\" \/><h2 class=\"woocommerce-loop-product__title\">Penjadors<\/h2>\n<\/a><a href=\"https:\/\/devellabell.ad\/es\/producte\/penjador-per-a-arrecades\" aria-describedby=\"woocommerce_loop_add_to_cart_link_describedby_590\" data-quantity=\"1\" class=\"button wp-element-button product_type_simple\" data-product_id=\"590\" data-product_sku=\"\" aria-label=\"Lee m\u00e1s sobre &ldquo;Penjadors&rdquo;\" rel=\"nofollow\" data-success_message=\"\">Leer m\u00e1s<\/a>\t<span id=\"woocommerce_loop_add_to_cart_link_describedby_590\" class=\"screen-reader-text\">\n\t\t\t<\/span>\n<\/li>\n<\/ul>\n<nav class=\"woocommerce-pagination\" aria-label=\"Paginaci\u00f3n de producto\">\n\t<ul class='page-numbers'>\n\t<li><span aria-label=\"P\u00e1gina 1\" aria-current=\"page\" class=\"page-numbers current\">1<\/span><\/li>\n\t<li><a aria-label=\"P\u00e1gina 2\" class=\"page-numbers\" href=\"\/es\/wp-json\/wp\/v2\/pages\/26?product-page=2\">2<\/a><\/li>\n\t<li><a class=\"next page-numbers\" href=\"\/es\/wp-json\/wp\/v2\/pages\/26?product-page=2\">&rarr;<\/a><\/li>\n<\/ul>\n<\/nav>\n<\/div><\/div>\n\n\t\t<div id=\"div_block-1041-26\" class=\"ct-div-block fancy-main-button-light-wrapper\" ><a id=\"link_button-1086-26\" class=\"ct-link-button fancy-main-button-dark\" href=\"https:\/\/devellabell.ad\/botiga\"   >ANAR A LA BOTIGA<\/a><\/div><\/div><\/section><section id=\"stuff\" class=\" ct-section\" style=\"background-image:linear-gradient(rgba(142,142,142,0.87), rgba(142,142,142,0.87)), url(https:\/\/devellabell.ad\/wp-content\/uploads\/2021\/05\/pexels-clem-onojeghuo-175709.jpg);background-size:auto,  cover;\" ><div class=\"ct-section-inner-wrap\"><link rel='stylesheet' id='oxygen-unslider-css'  href='https:\/\/devellabell.ad\/wp-content\/plugins\/oxygen\/component-framework\/vendor\/unslider\/unslider.css' type='text\/css' media='all'\/><div id=\"slider-298-11\" class=\"ct-slider ct_unique_slider_4073\" ><div class=\"oxygen-unslider-container\"><ul><li><div id=\"slide-299-11\" class=\"ct-slide fancy-testimonial-1-slide\" ><img decoding=\"async\"  id=\"image-311-11\" alt=\"\" src=\"https:\/\/fancyfreelancer.oxy.host\/wp-content\/uploads\/sites\/58\/2019\/02\/\u201c@2x.png\" class=\"ct-image fancy-testimonial-1-icon\"\/><div id=\"text_block-312-11\" class=\"ct-text-block fancy-testimonials-1-text\" >\u201cPoques vegades he conegut artistes \u2013 perqu\u00e8 la Ingrid, indiscutiblement, \u00e9s una artista \u2013 on la passi\u00f3 per l\u2019ofici sigui equivalent al domini de les t\u00e8cniques per exercir-lo\u201d<br><\/div><h3 id=\"headline-317-11\" class=\"ct-headline fancy-testimonial-1-title\">Albert Villar\u00f3<\/h3><div id=\"text_block-319-11\" class=\"ct-text-block fancy-testimonial-1-label\" >Client<\/div><\/div><\/li><li><div id=\"slide-321-11\" class=\"ct-slide fancy-testimonial-1-slide\" ><img decoding=\"async\"  id=\"image-322-11\" alt=\"\" src=\"https:\/\/fancyfreelancer.oxy.host\/wp-content\/uploads\/sites\/58\/2019\/02\/\u201c@2x.png\" class=\"ct-image fancy-testimonial-1-icon\"\/><div id=\"text_block-323-11\" class=\"ct-text-block fancy-testimonials-1-text\" >\u201cVaig heretar una caixa de n\u00favia ben antiga i molt valor sentimental per a mi. Per\u00f2 el moble es trobava en molt mal estat. L'he pogut recuperar gr\u00e0cies al treball fet per l'Ingrid al seu taller de Vell a Bell Restauraci\u00f3.\u201d<\/div><h3 id=\"headline-325-11\" class=\"ct-headline fancy-testimonial-1-title\">Ignasi Caritg<\/h3><div id=\"text_block-326-11\" class=\"ct-text-block fancy-testimonial-1-label\" >Client<\/div><\/div><\/li><li><div id=\"slide-2053-26\" class=\"ct-slide fancy-testimonial-1-slide\" ><img decoding=\"async\"  id=\"image-2054-26\" alt=\"\" src=\"https:\/\/fancyfreelancer.oxy.host\/wp-content\/uploads\/sites\/58\/2019\/02\/\u201c@2x.png\" class=\"ct-image fancy-testimonial-1-icon\"\/><div id=\"text_block-2055-26\" class=\"ct-text-block fancy-testimonials-1-text\" >\u201cTenia uns mobles antics, vells i deteriorats que havien sigut dels meus avis. Pensava que el seu dest\u00ed no podia ser cap altre que les escombraries. Per\u00f2...vaig consultar a l'Ingrid i el seu bon criteri, la seva professionalitat i les seves mans d'artista varen produir la magn\u00edfica transformaci\u00f3. Quina meravella!! Moltes gr\u00e0cies!!\u201d<\/div><h3 id=\"headline-2056-26\" class=\"ct-headline fancy-testimonial-1-title\">Conxa Bofill<\/h3><div id=\"text_block-2057-26\" class=\"ct-text-block fancy-testimonial-1-label\" >Client<\/div><\/div><\/li><li><div id=\"slide-2060-26\" class=\"ct-slide fancy-testimonial-1-slide\" ><img decoding=\"async\"  id=\"image-2061-26\" alt=\"\" src=\"https:\/\/fancyfreelancer.oxy.host\/wp-content\/uploads\/sites\/58\/2019\/02\/\u201c@2x.png\" class=\"ct-image fancy-testimonial-1-icon\"\/><div id=\"text_block-2062-26\" class=\"ct-text-block fancy-testimonials-1-text\" >\u201cHe tingut el plaer de veure treballar l'\u00cdngrid i \u00e9s un gust! Transmet una cosa no gaire habitual: gaudir plenament amb el que fa. T\u00e9 un munt de recursos i t\u00e8cniques, i tamb\u00e9 una gran imaginaci\u00f3 per proposar solucions o opcions per donar un aire nou a objectes. Molt recomanable, molt bona professional!\u201d<\/div><h3 id=\"headline-2063-26\" class=\"ct-headline fancy-testimonial-1-title\">Helena Sol\u00e9<\/h3><div id=\"text_block-2064-26\" class=\"ct-text-block fancy-testimonial-1-label\" >Client<\/div><\/div><\/li><\/ul><\/div><\/div><script class=\"ct-slider-script\">jQuery(document).ready(function($){$('#slider-298-11.ct_unique_slider_4073 .oxygen-unslider-container:not(.unslider-horizontal,.unslider-fade)').unslider({autoplay: false, delay: 3000, animation: 'fade', speed : 750, arrows: true, nav: false, infinite: false})});<\/script><a id=\"link-1915-26\" class=\"ct-link oxel_back_to_top_container\" href=\"#top\" target=\"_self\"  ><div id=\"code_block-1916-26\" class=\"ct-code-block\" ><!-- --><\/div><div id=\"fancy_icon-1917-26\" class=\"ct-fancy-icon oxel_back_to_top_icon\" ><svg id=\"svg-fancy_icon-1917-26\"><use xlink:href=\"#FontAwesomeicon-angle-double-up\"><\/use><\/svg><\/div><\/a><\/div><\/section><section id=\"section-991-26\" class=\" ct-section\" ><div class=\"ct-section-inner-wrap\"><div id=\"div_block-2375-26\" class=\"ct-div-block\" ><div id=\"fancy_icon-1017-26\" class=\"ct-fancy-icon fancy-iconblock-3-icon\" ><svg id=\"svg-fancy_icon-1017-26\"><use xlink:href=\"#FontAwesomeicon-paint-brush\"><\/use><\/svg><\/div><div id=\"text_block-992-26\" class=\"ct-text-block\" >Qu\u00e8 ofereixo<\/div><div id=\"div_block-993-26\" class=\"ct-div-block\" ><h2 id=\"headline-994-26\" class=\"ct-headline fancy-heading-three\">SERVEIS DESTACATS<\/h2><\/div><\/div><\/div><\/section><section id=\"section-329-11\" class=\" ct-section\" ><div class=\"ct-section-inner-wrap\"><a id=\"link-1096-26\" class=\"ct-link\" href=\"https:\/\/devellabell.ad\/serveis\"   >        \n                <div id=\"_posts_grid-330-11\" class='oxy-easy-posts oxy-posts-grid' >\n                                    <div class='oxy-posts'>\n                     <div class='oxy-post'>\n\n  <a class='oxy-post-image' href='https:\/\/devellabell.ad\/es\/servicios\/restauracion-de-muebles'>\n      <div class='oxy-post-image-fixed-ratio' style='background-image: url(https:\/\/devellabell.ad\/wp-content\/uploads\/2021\/05\/armariaA2.jpg);'>\n      <\/div>\n  <\/a>\n\n  \n  <div class='oxy-post-wrap'>\n    \n    \n\t<a class='oxy-post-title' href='https:\/\/devellabell.ad\/es\/servicios\/restauracion-de-muebles'>Restauraci\u00f3 de mobles<\/a>\n\n\t<div class='oxy-post-content'>\n\t\t<p>Restaurar un moble permet recuperar una part de la hist\u00f2ria, la hist\u00f2ria d\u2019aquella pe\u00e7a, la nostra hist\u00f2ria, el pas del temps, els records viscuts,etc. Al taller, cada moble \u00e9s tractat de forma individual per potenciar i recuperar la seva bellesa.<\/p>\n\t<\/div>\n    \n  <\/div>\n  \n<\/div> <div class='oxy-post'>\n\n  <a class='oxy-post-image' href='https:\/\/devellabell.ad\/es\/servicios\/restauracion-objetos-antiguos'>\n      <div class='oxy-post-image-fixed-ratio' style='background-image: url(https:\/\/devellabell.ad\/wp-content\/uploads\/2021\/04\/141400185_1147196239049486_7198386761025263372_n.jpeg);'>\n      <\/div>\n  <\/a>\n\n  \n  <div class='oxy-post-wrap'>\n    \n    \n\t<a class='oxy-post-title' href='https:\/\/devellabell.ad\/es\/servicios\/restauracion-objetos-antiguos'>Restauraci\u00f3 d'objectes antics<\/a>\n\n\t<div class='oxy-post-content'>\n\t\t<p>Tenim molts objectes antics que passen de generaci\u00f3 en generaci\u00f3 i amb el pas del temps adopten un valor sentimental, per aix\u00f2 \u00e9s important conservar-los i restaurar-los. Per senzill que sembli, quotidi\u00e0 o estramb\u00f2tic que sigui, a DE VELL A BELL RESTAURACI\u00d3 ens agrada donar-li una segona oportunitat.<\/p>\n\t<\/div>\n    \n  <\/div>\n  \n<\/div> <div class='oxy-post'>\n\n  <a class='oxy-post-image' href='https:\/\/devellabell.ad\/es\/servicios\/transformacion-y-decoracion'>\n      <div class='oxy-post-image-fixed-ratio' style='background-image: url(https:\/\/devellabell.ad\/wp-content\/uploads\/2021\/04\/151026184_1162260377543072_1109995783588295663_n.jpeg);'>\n      <\/div>\n  <\/a>\n\n  \n  <div class='oxy-post-wrap'>\n    \n    \n\t<a class='oxy-post-title' href='https:\/\/devellabell.ad\/es\/servicios\/transformacion-y-decoracion'>Transformaci\u00f3 i decoraci\u00f3<\/a>\n\n\t<div class='oxy-post-content'>\n\t\t<p>Canviar el color, afegir nous elements, empaperar, entapissar, ... ens pot ajudar a donar una nova imatge a aquells mobles o peces que ja tenim molt vistes, tamb\u00e9 pot donar un nou aire a l\u2019estan\u00e7a on anir\u00e0. No dubtis en demanar assessorament o consell i atreveix-te a fer un canvi d\u2019aspecte al teu moble, reutilitza\u00b4l [&hellip;]<\/p>\n\t<\/div>\n    \n  <\/div>\n  \n<\/div> <div class='oxy-post'>\n\n  <a class='oxy-post-image' href='https:\/\/devellabell.ad\/es\/servicios\/rejilla-y-encordado'>\n      <div class='oxy-post-image-fixed-ratio' style='background-image: url(https:\/\/devellabell.ad\/wp-content\/uploads\/2021\/04\/162415774_1184535451982231_920361076090127787_n.jpeg);'>\n      <\/div>\n  <\/a>\n\n  \n  <div class='oxy-post-wrap'>\n    \n    \n\t<a class='oxy-post-title' href='https:\/\/devellabell.ad\/es\/servicios\/rejilla-y-encordado'>Reixeta i encordat<\/a>\n\n\t<div class='oxy-post-content'>\n\t\t<p>Les cadires s\u00f3n uns objectes que n\u2019hi ha a totes les cases. Ja poden ser de fusta, met\u00e0l\u00b7liques, de pl\u00e0stic... amb seients de fibres vegetals com la \u201cenea\u201d, la boga, el margall\u00f3, la reixeta o tireta i entapissats. Al taller de DE VELL A BELL RESTAURACI\u00d3 est\u00e0 especialitzat en reparar seients de reixeta ja sigui [&hellip;]<\/p>\n\t<\/div>\n    \n  <\/div>\n  \n<\/div>                <\/div>\n                                <div class='oxy-easy-posts-pages'>\n                                    <\/div>\n                                            <\/div>\n                <\/a><div id=\"div_block-1090-26\" class=\"ct-div-block fancy-main-button-light-wrapper\" ><a id=\"link_button-1091-26\" class=\"ct-link-button fancy-main-button-dark\" href=\"https:\/\/devellabell.ad\/serveis\"   >Veure tots els serveis<\/a><\/div><\/div><\/section>","protected":false},"excerpt":{"rendered":"","protected":false},"author":3,"featured_media":0,"parent":0,"menu_order":0,"comment_status":"closed","ping_status":"closed","template":"","meta":{"_acf_changed":false,"footnotes":""},"class_list":["post-26","page","type-page","status-publish","hentry"],"acf":[],"yoast_head":"<!-- This site is optimized with the Yoast SEO plugin v28.4 - https:\/\/yoast.com\/product\/yoast-seo-wordpress\/ -->\n<title>Inici - de Vell a Bell<\/title>\n<meta name=\"robots\" content=\"index, follow, max-snippet:-1, max-image-preview:large, max-video-preview:-1\" \/>\n<link rel=\"canonical\" href=\"https:\/\/devellabell.ad\/es\/\" \/>\n<meta property=\"og:locale\" content=\"es_ES\" \/>\n<meta property=\"og:type\" content=\"article\" \/>\n<meta property=\"og:title\" content=\"Inici - de Vell a Bell\" \/>\n<meta property=\"og:url\" content=\"https:\/\/devellabell.ad\/es\/\" \/>\n<meta property=\"og:site_name\" content=\"de Vell a Bell\" \/>\n<meta property=\"article:publisher\" content=\"https:\/\/www.facebook.com\/devellabell.restauracio\/\" \/>\n<meta property=\"article:modified_time\" content=\"2025-09-13T12:00:05+00:00\" \/>\n<meta name=\"twitter:card\" content=\"summary_large_image\" \/>\n<meta name=\"twitter:site\" content=\"@devellabell_r\" \/>\n<script type=\"application\/ld+json\" class=\"yoast-schema-graph\">{\"@context\":\"https:\\\/\\\/schema.org\",\"@graph\":[{\"@type\":\"WebPage\",\"@id\":\"https:\\\/\\\/devellabell.ad\\\/\",\"url\":\"https:\\\/\\\/devellabell.ad\\\/\",\"name\":\"Inici - de Vell a Bell\",\"isPartOf\":{\"@id\":\"https:\\\/\\\/devellabell.ad\\\/#website\"},\"datePublished\":\"2019-02-08T14:48:05+00:00\",\"dateModified\":\"2025-09-13T12:00:05+00:00\",\"breadcrumb\":{\"@id\":\"https:\\\/\\\/devellabell.ad\\\/#breadcrumb\"},\"inLanguage\":\"es\",\"potentialAction\":[{\"@type\":\"ReadAction\",\"target\":[\"https:\\\/\\\/devellabell.ad\\\/\"]}]},{\"@type\":\"BreadcrumbList\",\"@id\":\"https:\\\/\\\/devellabell.ad\\\/#breadcrumb\",\"itemListElement\":[{\"@type\":\"ListItem\",\"position\":1,\"name\":\"Inici\",\"item\":\"https:\\\/\\\/devellabell.ad\\\/\"},{\"@type\":\"ListItem\",\"position\":2,\"name\":\"Inici\"}]},{\"@type\":\"WebSite\",\"@id\":\"https:\\\/\\\/devellabell.ad\\\/#website\",\"url\":\"https:\\\/\\\/devellabell.ad\\\/\",\"name\":\"de Vell a Bell\",\"description\":\"Taller de Restauraci\u00f3 i Artesania\",\"publisher\":{\"@id\":\"https:\\\/\\\/devellabell.ad\\\/#organization\"},\"potentialAction\":[{\"@type\":\"SearchAction\",\"target\":{\"@type\":\"EntryPoint\",\"urlTemplate\":\"https:\\\/\\\/devellabell.ad\\\/?s={search_term_string}\"},\"query-input\":{\"@type\":\"PropertyValueSpecification\",\"valueRequired\":true,\"valueName\":\"search_term_string\"}}],\"inLanguage\":\"es\"},{\"@type\":\"Organization\",\"@id\":\"https:\\\/\\\/devellabell.ad\\\/#organization\",\"name\":\"de Vell a Bell\",\"url\":\"https:\\\/\\\/devellabell.ad\\\/\",\"logo\":{\"@type\":\"ImageObject\",\"inLanguage\":\"es\",\"@id\":\"https:\\\/\\\/devellabell.ad\\\/#\\\/schema\\\/logo\\\/image\\\/\",\"url\":\"https:\\\/\\\/devellabell.ad\\\/wp-content\\\/uploads\\\/2021\\\/04\\\/logo-1-8.png\",\"contentUrl\":\"https:\\\/\\\/devellabell.ad\\\/wp-content\\\/uploads\\\/2021\\\/04\\\/logo-1-8.png\",\"width\":600,\"height\":128,\"caption\":\"de Vell a Bell\"},\"image\":{\"@id\":\"https:\\\/\\\/devellabell.ad\\\/#\\\/schema\\\/logo\\\/image\\\/\"},\"sameAs\":[\"https:\\\/\\\/www.facebook.com\\\/devellabell.restauracio\\\/\",\"https:\\\/\\\/x.com\\\/devellabell_r\"]}]}<\/script>\n<!-- \/ Yoast SEO plugin. -->","yoast_head_json":{"title":"Inici - de Vell a Bell","robots":{"index":"index","follow":"follow","max-snippet":"max-snippet:-1","max-image-preview":"max-image-preview:large","max-video-preview":"max-video-preview:-1"},"canonical":"https:\/\/devellabell.ad\/es\/","og_locale":"es_ES","og_type":"article","og_title":"Inici - de Vell a Bell","og_url":"https:\/\/devellabell.ad\/es\/","og_site_name":"de Vell a Bell","article_publisher":"https:\/\/www.facebook.com\/devellabell.restauracio\/","article_modified_time":"2025-09-13T12:00:05+00:00","twitter_card":"summary_large_image","twitter_site":"@devellabell_r","schema":{"@context":"https:\/\/schema.org","@graph":[{"@type":"WebPage","@id":"https:\/\/devellabell.ad\/","url":"https:\/\/devellabell.ad\/","name":"Inici - de Vell a Bell","isPartOf":{"@id":"https:\/\/devellabell.ad\/#website"},"datePublished":"2019-02-08T14:48:05+00:00","dateModified":"2025-09-13T12:00:05+00:00","breadcrumb":{"@id":"https:\/\/devellabell.ad\/#breadcrumb"},"inLanguage":"es","potentialAction":[{"@type":"ReadAction","target":["https:\/\/devellabell.ad\/"]}]},{"@type":"BreadcrumbList","@id":"https:\/\/devellabell.ad\/#breadcrumb","itemListElement":[{"@type":"ListItem","position":1,"name":"Inici","item":"https:\/\/devellabell.ad\/"},{"@type":"ListItem","position":2,"name":"Inici"}]},{"@type":"WebSite","@id":"https:\/\/devellabell.ad\/#website","url":"https:\/\/devellabell.ad\/","name":"de Vell a Bell","description":"Taller de restauraci\u00f3n y artesan\u00eda","publisher":{"@id":"https:\/\/devellabell.ad\/#organization"},"potentialAction":[{"@type":"SearchAction","target":{"@type":"EntryPoint","urlTemplate":"https:\/\/devellabell.ad\/?s={search_term_string}"},"query-input":{"@type":"PropertyValueSpecification","valueRequired":true,"valueName":"search_term_string"}}],"inLanguage":"es"},{"@type":"Organization","@id":"https:\/\/devellabell.ad\/#organization","name":"de Vell a Bell","url":"https:\/\/devellabell.ad\/","logo":{"@type":"ImageObject","inLanguage":"es","@id":"https:\/\/devellabell.ad\/#\/schema\/logo\/image\/","url":"https:\/\/devellabell.ad\/wp-content\/uploads\/2021\/04\/logo-1-8.png","contentUrl":"https:\/\/devellabell.ad\/wp-content\/uploads\/2021\/04\/logo-1-8.png","width":600,"height":128,"caption":"de Vell a Bell"},"image":{"@id":"https:\/\/devellabell.ad\/#\/schema\/logo\/image\/"},"sameAs":["https:\/\/www.facebook.com\/devellabell.restauracio\/","https:\/\/x.com\/devellabell_r"]}]}},"_links":{"self":[{"href":"https:\/\/devellabell.ad\/es\/wp-json\/wp\/v2\/pages\/26","targetHints":{"allow":["GET"]}}],"collection":[{"href":"https:\/\/devellabell.ad\/es\/wp-json\/wp\/v2\/pages"}],"about":[{"href":"https:\/\/devellabell.ad\/es\/wp-json\/wp\/v2\/types\/page"}],"author":[{"embeddable":true,"href":"https:\/\/devellabell.ad\/es\/wp-json\/wp\/v2\/users\/3"}],"replies":[{"embeddable":true,"href":"https:\/\/devellabell.ad\/es\/wp-json\/wp\/v2\/comments?post=26"}],"version-history":[{"count":4,"href":"https:\/\/devellabell.ad\/es\/wp-json\/wp\/v2\/pages\/26\/revisions"}],"predecessor-version":[{"id":1164,"href":"https:\/\/devellabell.ad\/es\/wp-json\/wp\/v2\/pages\/26\/revisions\/1164"}],"wp:attachment":[{"href":"https:\/\/devellabell.ad\/es\/wp-json\/wp\/v2\/media?parent=26"}],"curies":[{"name":"wp","href":"https:\/\/api.w.org\/{rel}","templated":true}]}}